{"id":30906,"date":"2019-05-09T12:14:24","date_gmt":"2019-05-09T10:14:24","guid":{"rendered":"https:\/\/alfafara.es\/historia\/"},"modified":"2020-03-09T17:49:05","modified_gmt":"2020-03-09T16:49:05","slug":"historia","status":"publish","type":"page","link":"https:\/\/www.alfafara.es\/es\/turismo\/historia\/","title":{"rendered":"Historia"},"content":{"rendered":"<p>Se tiene constancia de poblamientos primitivos, principalmente del eneol\u00edtico, la \u00e9poca de bronce y \u00edberos, asentados al t\u00e9rmino municipal, en parajes como Cabe\u00e7o (cerro) de Mariola o de la Cueva, Cabe\u00e7o de Serrelles, Cueva del Bolumini, Cabe\u00e7o de las Monserraes y Loma de Carbonell. Hay tambi\u00e9n una necr\u00f3polis con tumbas excavadas en la roca a las proximidades de la mas\u00eda del Pozo.<\/p>\n<p>El n\u00facleo originario de la actual poblaci\u00f3n, teniendo en cuenta su toponimia, fue un lugar musulm\u00e1n, situado en un cruce de rutas ganaderas y de importancia militar. El nombre de Alfafara viene probablemente de la voz \u201cALFAWARA\u201d , que en \u00e1rabe significa \u201cfuente que brota con violencia\u201d, y que probablemente hace referencia a un salto de agua que, en \u00e9pocas lluviosas, madriguera desde el alto de una pe\u00f1a denominada Pe\u00f1a del \u201cXorro\u201d.<br \/>\nDespu\u00e9s de la conquista de Biar por Jaime I, en 1245, este lugar musulm\u00e1n se concede en se\u00f1or\u00edo a Xim\u00e9n P\u00e9rez de Oriz (a\u00f1o 1248); posteriormente (1392), fue vendido a Pedro de Art\u00e9s; los herederos del que lo vendieran al rey Alfonso V en 1416, convirti\u00e9ndose as\u00ed en lugar real. El a\u00f1o 1436, bajo el reinado de este rey, conocido como El Magn\u00e1nimo, con el fin de obtener fondo para las campa\u00f1as militares de Sicilia y N\u00e1poles, el lugar de Alfafara fue vendido en la villa de Bocairent, a la cual perteneci\u00f3 hasta 1632, que el rey Felipe IV le volvi\u00f3 la independencia, concedi\u00e9ndole el t\u00edtulo de Universidad de Alfafara.<\/p>\n<p>Can\u00f3nicamente, la parroquia de Alfafara est\u00e1 ligada a la de Bocairent, desde el a\u00f1o 1437, por decisi\u00f3n del Arzobispo Fray Tom\u00e1s de Vilanova, ratificada despu\u00e9s por la bula de Santo Pio V, en 1566. Se le concedi\u00f3 la potestad de ser parroquia independiente en 1782. La poblaci\u00f3n qued\u00f3 incorporada a la Gobernaci\u00f3n de X\u00e0tiva en 1707 y posteriormente, a la de Montesa, hasta el a\u00f1o 1833, que es incorporada en la provincia de Alicante, perteneciendo al partido judicial de Alcoi.<\/p>\n","protected":false},"excerpt":{"rendered":"<p>Se tiene constancia de poblamientos primitivos, principalmente del eneol\u00edtico, la \u00e9poca de bronce y \u00edberos, asentados al t\u00e9rmino municipal, en parajes como Cabe\u00e7o (cerro) de Mariola o de la Cueva, Cabe\u00e7o de Serrelles, Cueva del Bolumini, Cabe\u00e7o de las Monserraes y Loma de Carbonell. Hay tambi\u00e9n una necr\u00f3polis con tumbas excavadas en la roca a [&hellip;]<\/p>\n","protected":false},"author":1,"featured_media":30341,"parent":30913,"menu_order":0,"comment_status":"closed","ping_status":"closed","template":"","meta":{"footnotes":""},"class_list":["post-30906","page","type-page","status-publish","has-post-thumbnail","hentry"],"_links":{"self":[{"href":"https:\/\/www.alfafara.es\/es\/wp-json\/wp\/v2\/pages\/30906","targetHints":{"allow":["GET"]}}],"collection":[{"href":"https:\/\/www.alfafara.es\/es\/wp-json\/wp\/v2\/pages"}],"about":[{"href":"https:\/\/www.alfafara.es\/es\/wp-json\/wp\/v2\/types\/page"}],"author":[{"embeddable":true,"href":"https:\/\/www.alfafara.es\/es\/wp-json\/wp\/v2\/users\/1"}],"replies":[{"embeddable":true,"href":"https:\/\/www.alfafara.es\/es\/wp-json\/wp\/v2\/comments?post=30906"}],"version-history":[{"count":2,"href":"https:\/\/www.alfafara.es\/es\/wp-json\/wp\/v2\/pages\/30906\/revisions"}],"predecessor-version":[{"id":31269,"href":"https:\/\/www.alfafara.es\/es\/wp-json\/wp\/v2\/pages\/30906\/revisions\/31269"}],"up":[{"embeddable":true,"href":"https:\/\/www.alfafara.es\/es\/wp-json\/wp\/v2\/pages\/30913"}],"wp:featuredmedia":[{"embeddable":true,"href":"https:\/\/www.alfafara.es\/es\/wp-json\/wp\/v2\/media\/30341"}],"wp:attachment":[{"href":"https:\/\/www.alfafara.es\/es\/wp-json\/wp\/v2\/media?parent=30906"}],"curies":[{"name":"wp","href":"https:\/\/api.w.org\/{rel}","templated":true}]}}